{"id":3138,"date":"2022-09-27T09:13:23","date_gmt":"2022-09-27T07:13:23","guid":{"rendered":"https:\/\/www.astam.at\/?post_type=product&#038;p=3138"},"modified":"2022-09-28T10:07:09","modified_gmt":"2022-09-28T08:07:09","slug":"saeulenschwenkkran-vs","status":"publish","type":"product","link":"https:\/\/www.astam.at\/en\/leistungen\/krananlagen\/abus\/krane\/schwenkkrane\/saeulenschwenkkran-vs\/","title":{"rendered":"S\u00e4ulenschwenkkran VS"},"content":{"rendered":"<p><strong>Auf einen Blick<\/strong><\/p>\n<ul>\n<li>Tragf\u00e4higkeit bis 6<span class=\"nowrap\">,3 t<\/span><\/li>\n<li>Ausladung bis 1<span class=\"nowrap\">0 m<\/span><\/li>\n<li>Schwenkbereich <span class=\"nowrap\">n x 360\u00b0<\/span><\/li>\n<li>Bis 4 t mit <a tabindex=\"-1\" href=\"https:\/\/www.astam.at\/produkt-kategorie\/hebezeuge\/elektrokettenzuege\/\">ABUS Elektro-Kettenzug<\/a><\/li>\n<li>Bis 6,3 t mit <a tabindex=\"-1\" href=\"https:\/\/www.astam.at\/produkt-kategorie\/hebezeuge\/elektroseilzuege\/\" target=\"_blank\" rel=\"noopener\">ABUS Elektro-Seilzug<\/a><\/li>\n<li>Mit vielf\u00e4ltigen <a tabindex=\"-1\" href=\"https:\/\/www.abus-kran.at\/krane\/schwenkkrane\/befestigung\/bodenmontage\" target=\"_blank\" rel=\"noopener\">Befestigungsm\u00f6glichkeiten<\/a><\/li>\n<li>Umfangreiche <a tabindex=\"-1\" href=\"https:\/\/www.abus-kran.at\/krane\/schwenkkrane\/zusatzausstattung\" target=\"_blank\" rel=\"noopener\">Zusatzausstattungen<\/a> m\u00f6glich<\/li>\n<\/ul>\n<hr \/>\n<p>Der S\u00e4ulenschwenkkran VS ist f\u00fcr die freistehende Montage auf dem Hallenboden konzipiert. Dieser Arbeitsplatzkran bietet Ihnen einen Arbeitsradius von\u00a0360\u00b0\u00a0mit einer Ausladung bis zu\u00a0<span class=\"nowrap\">10 m<\/span>\u00a0und einer Tragf\u00e4higkeit bis zu\u00a06<span class=\"nowrap\">,3 t<\/span>.\u00a0Durch seine niedrige Bauart sind hohe Hakenstellungen m\u00f6glich, die den vorhandenen Raum optimal nutzbar machen. Zus\u00e4tzlich zur umfangreichen Serienausf\u00fchrung l\u00e4sst sich dieser S\u00e4ulenschwenkkran, durch n\u00fctzliche Erweiterungen, wie elektrischer Schwenkantrieb, elektrisches Katzfahren oder eine verfahrbare Steuerung individuell erg\u00e4nzen.<\/p>\n<p>F\u00fcr unterschiedliche geb\u00e4udeseitige Gegebenheiten stehen <a tabindex=\"-1\" href=\"https:\/\/www.abus-kran.at\/krane\/schwenkkrane\/befestigung\/bodenmontage\" target=\"_blank\" rel=\"noopener\">verschiedene\u00a0Befestigungsl\u00f6sungen<\/a> zur Verf\u00fcgung.<\/p>\n<p>&nbsp;<\/p>\n<p>&nbsp;<\/p>\n<p>&nbsp;<\/p>\n<p>&nbsp;<\/p>\n","protected":false},"excerpt":{"rendered":"<p><span class=\"nowrap\">Der S\u00e4ulenschwenkkran VS ist f\u00fcr die freistehende Montage auf dem Hallenboden konzipiert. Dieser Arbeitsplatzkran bietet Ihnen einen Arbeitsradius von\u00a0360\u00b0\u00a0mit einer Ausladung bis zu\u00a010 m\u00a0und einer Tragf\u00e4higkeit bis zu\u00a06,3 t.<\/span><\/p>\n","protected":false},"featured_media":3139,"template":"","meta":{"_acf_changed":false,"inline_featured_image":false},"product_brand":[],"product_cat":[114],"product_tag":[],"class_list":{"0":"post-3138","1":"product","2":"type-product","3":"status-publish","4":"has-post-thumbnail","6":"product_cat-schwenkkrane","8":"first","9":"instock","10":"shipping-taxable","11":"product-type-simple"},"acf":[],"yoast_head":"<!-- This site is optimized with the Yoast SEO plugin v27.5 - https:\/\/yoast.com\/product\/yoast-seo-wordpress\/ -->\n<title>ABUS Schwenkkrane - S\u00e4ulenschwenkkran VS - ASTAM<\/title>\n<meta name=\"description\" content=\"Dieser Arbeitsplatzkran bietet Ihnen einen Arbeitsradius von\u00a0360\u00b0\u00a0mit einer Ausladung bis zu\u00a010 m\u00a0und einer Tragf\u00e4higkeit bis zu\u00a06,3 t.\" \/>\n<meta name=\"robots\" content=\"index, follow, max-snippet:-1, max-image-preview:large, max-video-preview:-1\" \/>\n<link rel=\"canonical\" href=\"https:\/\/www.astam.at\/en\/leistungen\/krananlagen\/abus\/krane\/schwenkkrane\/saeulenschwenkkran-vs\/\" \/>\n<meta property=\"og:locale\" content=\"en_US\" \/>\n<meta property=\"og:type\" content=\"article\" \/>\n<meta property=\"og:title\" content=\"ABUS Schwenkkrane - S\u00e4ulenschwenkkran VS - ASTAM\" \/>\n<meta property=\"og:description\" content=\"Dieser Arbeitsplatzkran bietet Ihnen einen Arbeitsradius von\u00a0360\u00b0\u00a0mit einer Ausladung bis zu\u00a010 m\u00a0und einer Tragf\u00e4higkeit bis zu\u00a06,3 t.\" \/>\n<meta property=\"og:url\" content=\"https:\/\/www.astam.at\/en\/leistungen\/krananlagen\/abus\/krane\/schwenkkrane\/saeulenschwenkkran-vs\/\" \/>\n<meta property=\"og:site_name\" content=\"ASTAM\" \/>\n<meta property=\"article:publisher\" content=\"https:\/\/www.facebook.com\/pg\/ASTAM-Gmbh-572405462791301\/posts\/\" \/>\n<meta property=\"article:modified_time\" content=\"2022-09-28T08:07:09+00:00\" \/>\n<meta property=\"og:image\" content=\"https:\/\/www.astam.at\/wp-content\/uploads\/2022\/09\/B5-Illustration-VSK.png\" \/>\n\t<meta property=\"og:image:width\" content=\"500\" \/>\n\t<meta property=\"og:image:height\" content=\"400\" \/>\n\t<meta property=\"og:image:type\" content=\"image\/png\" \/>\n<meta name=\"twitter:card\" content=\"summary_large_image\" \/>\n<meta name=\"twitter:label1\" content=\"Est. reading time\" \/>\n\t<meta name=\"twitter:data1\" content=\"1 minute\" \/>\n<!-- \/ Yoast SEO plugin. -->","yoast_head_json":{"title":"ABUS Schwenkkrane - S\u00e4ulenschwenkkran VS - ASTAM","description":"Dieser Arbeitsplatzkran bietet Ihnen einen Arbeitsradius von\u00a0360\u00b0\u00a0mit einer Ausladung bis zu\u00a010 m\u00a0und einer Tragf\u00e4higkeit bis zu\u00a06,3 t.","robots":{"index":"index","follow":"follow","max-snippet":"max-snippet:-1","max-image-preview":"max-image-preview:large","max-video-preview":"max-video-preview:-1"},"canonical":"https:\/\/www.astam.at\/en\/leistungen\/krananlagen\/abus\/krane\/schwenkkrane\/saeulenschwenkkran-vs\/","og_locale":"en_US","og_type":"article","og_title":"ABUS Schwenkkrane - S\u00e4ulenschwenkkran VS - ASTAM","og_description":"Dieser Arbeitsplatzkran bietet Ihnen einen Arbeitsradius von\u00a0360\u00b0\u00a0mit einer Ausladung bis zu\u00a010 m\u00a0und einer Tragf\u00e4higkeit bis zu\u00a06,3 t.","og_url":"https:\/\/www.astam.at\/en\/leistungen\/krananlagen\/abus\/krane\/schwenkkrane\/saeulenschwenkkran-vs\/","og_site_name":"ASTAM","article_publisher":"https:\/\/www.facebook.com\/pg\/ASTAM-Gmbh-572405462791301\/posts\/","article_modified_time":"2022-09-28T08:07:09+00:00","og_image":[{"width":500,"height":400,"url":"https:\/\/www.astam.at\/wp-content\/uploads\/2022\/09\/B5-Illustration-VSK.png","type":"image\/png"}],"twitter_card":"summary_large_image","twitter_misc":{"Est. reading time":"1 minute"},"schema":{"@context":"https:\/\/schema.org","@graph":[{"@type":"WebPage","@id":"https:\/\/www.astam.at\/en\/leistungen\/krananlagen\/abus\/krane\/schwenkkrane\/saeulenschwenkkran-vs\/","url":"https:\/\/www.astam.at\/en\/leistungen\/krananlagen\/abus\/krane\/schwenkkrane\/saeulenschwenkkran-vs\/","name":"ABUS Schwenkkrane - S\u00e4ulenschwenkkran VS - ASTAM","isPartOf":{"@id":"https:\/\/www.astam.at\/en\/#website"},"primaryImageOfPage":{"@id":"https:\/\/www.astam.at\/en\/leistungen\/krananlagen\/abus\/krane\/schwenkkrane\/saeulenschwenkkran-vs\/#primaryimage"},"image":{"@id":"https:\/\/www.astam.at\/en\/leistungen\/krananlagen\/abus\/krane\/schwenkkrane\/saeulenschwenkkran-vs\/#primaryimage"},"thumbnailUrl":"https:\/\/www.astam.at\/wp-content\/uploads\/2022\/09\/B5-Illustration-VSK.png","datePublished":"2022-09-27T07:13:23+00:00","dateModified":"2022-09-28T08:07:09+00:00","description":"Dieser Arbeitsplatzkran bietet Ihnen einen Arbeitsradius von\u00a0360\u00b0\u00a0mit einer Ausladung bis zu\u00a010 m\u00a0und einer Tragf\u00e4higkeit bis zu\u00a06,3 t.","breadcrumb":{"@id":"https:\/\/www.astam.at\/en\/leistungen\/krananlagen\/abus\/krane\/schwenkkrane\/saeulenschwenkkran-vs\/#breadcrumb"},"inLanguage":"en-US","potentialAction":[{"@type":"ReadAction","target":["https:\/\/www.astam.at\/en\/leistungen\/krananlagen\/abus\/krane\/schwenkkrane\/saeulenschwenkkran-vs\/"]}]},{"@type":"ImageObject","inLanguage":"en-US","@id":"https:\/\/www.astam.at\/en\/leistungen\/krananlagen\/abus\/krane\/schwenkkrane\/saeulenschwenkkran-vs\/#primaryimage","url":"https:\/\/www.astam.at\/wp-content\/uploads\/2022\/09\/B5-Illustration-VSK.png","contentUrl":"https:\/\/www.astam.at\/wp-content\/uploads\/2022\/09\/B5-Illustration-VSK.png","width":500,"height":400},{"@type":"BreadcrumbList","@id":"https:\/\/www.astam.at\/en\/leistungen\/krananlagen\/abus\/krane\/schwenkkrane\/saeulenschwenkkran-vs\/#breadcrumb","itemListElement":[{"@type":"ListItem","position":1,"name":"Startseite","item":"https:\/\/www.astam.at\/en\/"},{"@type":"ListItem","position":2,"name":"ABUS","item":"https:\/\/www.astam.at\/leistungen\/krananlagen\/abus\/"},{"@type":"ListItem","position":3,"name":"S\u00e4ulenschwenkkran VS"}]},{"@type":"WebSite","@id":"https:\/\/www.astam.at\/en\/#website","url":"https:\/\/www.astam.at\/en\/","name":"ASTAM","description":"Maschinen- Stahl und Anlagenbau, Krananlagen","publisher":{"@id":"https:\/\/www.astam.at\/en\/#organization"},"potentialAction":[{"@type":"SearchAction","target":{"@type":"EntryPoint","urlTemplate":"https:\/\/www.astam.at\/en\/?s={search_term_string}"},"query-input":{"@type":"PropertyValueSpecification","valueRequired":true,"valueName":"search_term_string"}}],"inLanguage":"en-US"},{"@type":"Organization","@id":"https:\/\/www.astam.at\/en\/#organization","name":"ASTAM Allgemeine Stahl-, Anlagen- und Maschinenbau Ges.m.b.H.","url":"https:\/\/www.astam.at\/en\/","logo":{"@type":"ImageObject","inLanguage":"en-US","@id":"https:\/\/www.astam.at\/en\/#\/schema\/logo\/image\/","url":"https:\/\/www.astam.at\/wp-content\/uploads\/2020\/07\/astam_logo_freigestellt.png","contentUrl":"https:\/\/www.astam.at\/wp-content\/uploads\/2020\/07\/astam_logo_freigestellt.png","width":2318,"height":329,"caption":"ASTAM Allgemeine Stahl-, Anlagen- und Maschinenbau Ges.m.b.H."},"image":{"@id":"https:\/\/www.astam.at\/en\/#\/schema\/logo\/image\/"},"sameAs":["https:\/\/www.facebook.com\/pg\/ASTAM-Gmbh-572405462791301\/posts\/"]}]}},"_links":{"self":[{"href":"https:\/\/www.astam.at\/en\/wp-json\/wp\/v2\/product\/3138","targetHints":{"allow":["GET"]}}],"collection":[{"href":"https:\/\/www.astam.at\/en\/wp-json\/wp\/v2\/product"}],"about":[{"href":"https:\/\/www.astam.at\/en\/wp-json\/wp\/v2\/types\/product"}],"wp:featuredmedia":[{"embeddable":true,"href":"https:\/\/www.astam.at\/en\/wp-json\/wp\/v2\/media\/3139"}],"wp:attachment":[{"href":"https:\/\/www.astam.at\/en\/wp-json\/wp\/v2\/media?parent=3138"}],"wp:term":[{"taxonomy":"product_brand","embeddable":true,"href":"https:\/\/www.astam.at\/en\/wp-json\/wp\/v2\/product_brand?post=3138"},{"taxonomy":"product_cat","embeddable":true,"href":"https:\/\/www.astam.at\/en\/wp-json\/wp\/v2\/product_cat?post=3138"},{"taxonomy":"product_tag","embeddable":true,"href":"https:\/\/www.astam.at\/en\/wp-json\/wp\/v2\/product_tag?post=3138"}],"curies":[{"name":"wp","href":"https:\/\/api.w.org\/{rel}","templated":true}]}}