{"id":3166,"date":"2022-09-27T09:43:28","date_gmt":"2022-09-27T07:43:28","guid":{"rendered":"https:\/\/www.astam.at\/?post_type=product&#038;p=3166"},"modified":"2022-09-28T10:08:34","modified_gmt":"2022-09-28T08:08:34","slug":"wandschwenkkran-lwx","status":"publish","type":"product","link":"https:\/\/www.astam.at\/en\/leistungen\/krananlagen\/abus\/krane\/schwenkkrane\/wandschwenkkran-lwx\/","title":{"rendered":"Wandschwenkkran LWX"},"content":{"rendered":"<p><strong>Auf einen Blick<\/strong><\/p>\n<ul>\n<li>Tragf\u00e4higkeit bis 0<span class=\"nowrap\">,5 t<\/span><\/li>\n<li>Ausladung bis <span class=\"nowrap\">7 m<\/span><\/li>\n<li>Schwenkbereich 180\u00b0<\/li>\n<li>Mit <a tabindex=\"-1\" href=\"https:\/\/www.astam.at\/produkt-kategorie\/hebezeuge\/elektrokettenzuege\/\">ABUS Elektro-Kettenzug<\/a><\/li>\n<li>Mit vielf\u00e4ltigen <a tabindex=\"-1\" href=\"https:\/\/www.abus-kran.at\/krane\/schwenkkrane\/befestigung\/wandmontage\" target=\"_blank\" rel=\"noopener\">Befestigungsm\u00f6glichkeiten<\/a><\/li>\n<li>Umfangreiche <a tabindex=\"-1\" href=\"https:\/\/www.abus-kran.at\/krane\/schwenkkrane\/zusatzausstattung\" target=\"_blank\" rel=\"noopener\">Zusatzausstattungen<\/a> m\u00f6glich<\/li>\n<\/ul>\n<hr \/>\n<p>Der\u00a0Wandschwenkkran LWX ist f\u00fcr die Montage an eine Wand oder eine St\u00fctze konzipiert. Dieser Arbeitsplatzkran bietet Ihnen einen Arbeitsradius von\u00a0bis zu\u00a0<strong>180\u00b0<\/strong>\u00a0mit einer Ausladung bis zu\u00a0<span class=\"nowrap\"><strong>7 m<\/strong><\/span>\u00a0und einer Tragf\u00e4higkeit bis zu\u00a0<strong>0<span class=\"nowrap\">,5 t<\/span><\/strong><span class=\"nowrap\">.\u00a0<\/span><\/p>\n<p>Niedrige Decken und eine zus\u00e4tzlich geforderte Bodenfreiheit sind typische Entscheidungskriterien f\u00fcr den Einsatz eines Wandschwenkkranes LWX. \u00dcberzeugend sind dabei sein geringer Platzbedarf und die realisierbare Hubh\u00f6he. Zus\u00e4tzlich zur Serienausf\u00fchrung l\u00e4sst sich dieser Schwenkkran durch n\u00fctzliche Erweiterungen wie elektrisches Katzfahren oder\u00a0Funkfernsteuerung\u00a0individuell erg\u00e4nzen.<\/p>\n<p>Befestigt wir der Kran \u00fcber die im Lieferumfang enthaltene Wandkonsole. F\u00fcr unterschiedliche geb\u00e4udeseitige Gegebenheiten stehen <a tabindex=\"-1\" href=\"https:\/\/www.abus-kran.at\/krane\/schwenkkrane\/befestigung\" target=\"_blank\" rel=\"noopener\">weitere Befestigungsl\u00f6sungen<\/a> zur Verf\u00fcgung.<\/p>\n<p>&nbsp;<\/p>\n<p>&nbsp;<\/p>\n<p>&nbsp;<\/p>\n<p>&nbsp;<\/p>\n<p>&nbsp;<\/p>\n","protected":false},"excerpt":{"rendered":"<p><span class=\"nowrap\">Der\u00a0Wandschwenkkran LWX ist f\u00fcr die Montage an eine Wand oder eine St\u00fctze konzipiert. Dieser Arbeitsplatzkran bietet Ihnen einen Arbeitsradius von\u00a0bis zu\u00a0<strong>180\u00b0<\/strong>\u00a0mit einer Ausladung bis zu\u00a0<strong>7 m<\/strong>\u00a0und einer Tragf\u00e4higkeit bis zu\u00a0<strong>0,5 t<\/strong>.\u00a0<\/span><\/p>\n","protected":false},"featured_media":3167,"template":"","meta":{"_acf_changed":false,"inline_featured_image":false},"product_brand":[],"product_cat":[114],"product_tag":[],"class_list":{"0":"post-3166","1":"product","2":"type-product","3":"status-publish","4":"has-post-thumbnail","6":"product_cat-schwenkkrane","8":"first","9":"instock","10":"shipping-taxable","11":"product-type-simple"},"acf":[],"yoast_head":"<!-- This site is optimized with the Yoast SEO plugin v27.5 - https:\/\/yoast.com\/product\/yoast-seo-wordpress\/ -->\n<title>ABUS Schwenkkrane - Wandschwenkkran LWX - ASTAM<\/title>\n<meta name=\"description\" content=\"Der\u00a0Wandschwenkkran LW ist f\u00fcr die Montage an eine Wand oder eine St\u00fctze konzipiert.\" \/>\n<meta name=\"robots\" content=\"index, follow, max-snippet:-1, max-image-preview:large, max-video-preview:-1\" \/>\n<link rel=\"canonical\" href=\"https:\/\/www.astam.at\/en\/leistungen\/krananlagen\/abus\/krane\/schwenkkrane\/wandschwenkkran-lwx\/\" \/>\n<meta property=\"og:locale\" content=\"en_US\" \/>\n<meta property=\"og:type\" content=\"article\" \/>\n<meta property=\"og:title\" content=\"ABUS Schwenkkrane - Wandschwenkkran LWX - ASTAM\" \/>\n<meta property=\"og:description\" content=\"Der\u00a0Wandschwenkkran LW ist f\u00fcr die Montage an eine Wand oder eine St\u00fctze konzipiert.\" \/>\n<meta property=\"og:url\" content=\"https:\/\/www.astam.at\/en\/leistungen\/krananlagen\/abus\/krane\/schwenkkrane\/wandschwenkkran-lwx\/\" \/>\n<meta property=\"og:site_name\" content=\"ASTAM\" \/>\n<meta property=\"article:publisher\" content=\"https:\/\/www.facebook.com\/pg\/ASTAM-Gmbh-572405462791301\/posts\/\" \/>\n<meta property=\"article:modified_time\" content=\"2022-09-28T08:08:34+00:00\" \/>\n<meta property=\"og:image\" content=\"https:\/\/www.astam.at\/wp-content\/uploads\/2022\/09\/B4-Illustration-LWX.png\" \/>\n\t<meta property=\"og:image:width\" content=\"500\" \/>\n\t<meta property=\"og:image:height\" content=\"400\" \/>\n\t<meta property=\"og:image:type\" content=\"image\/png\" \/>\n<meta name=\"twitter:card\" content=\"summary_large_image\" \/>\n<meta name=\"twitter:label1\" content=\"Est. reading time\" \/>\n\t<meta name=\"twitter:data1\" content=\"1 minute\" \/>\n<!-- \/ Yoast SEO plugin. -->","yoast_head_json":{"title":"ABUS Schwenkkrane - Wandschwenkkran LWX - ASTAM","description":"Der\u00a0Wandschwenkkran LW ist f\u00fcr die Montage an eine Wand oder eine St\u00fctze konzipiert.","robots":{"index":"index","follow":"follow","max-snippet":"max-snippet:-1","max-image-preview":"max-image-preview:large","max-video-preview":"max-video-preview:-1"},"canonical":"https:\/\/www.astam.at\/en\/leistungen\/krananlagen\/abus\/krane\/schwenkkrane\/wandschwenkkran-lwx\/","og_locale":"en_US","og_type":"article","og_title":"ABUS Schwenkkrane - Wandschwenkkran LWX - ASTAM","og_description":"Der\u00a0Wandschwenkkran LW ist f\u00fcr die Montage an eine Wand oder eine St\u00fctze konzipiert.","og_url":"https:\/\/www.astam.at\/en\/leistungen\/krananlagen\/abus\/krane\/schwenkkrane\/wandschwenkkran-lwx\/","og_site_name":"ASTAM","article_publisher":"https:\/\/www.facebook.com\/pg\/ASTAM-Gmbh-572405462791301\/posts\/","article_modified_time":"2022-09-28T08:08:34+00:00","og_image":[{"width":500,"height":400,"url":"https:\/\/www.astam.at\/wp-content\/uploads\/2022\/09\/B4-Illustration-LWX.png","type":"image\/png"}],"twitter_card":"summary_large_image","twitter_misc":{"Est. reading time":"1 minute"},"schema":{"@context":"https:\/\/schema.org","@graph":[{"@type":"WebPage","@id":"https:\/\/www.astam.at\/en\/leistungen\/krananlagen\/abus\/krane\/schwenkkrane\/wandschwenkkran-lwx\/","url":"https:\/\/www.astam.at\/en\/leistungen\/krananlagen\/abus\/krane\/schwenkkrane\/wandschwenkkran-lwx\/","name":"ABUS Schwenkkrane - Wandschwenkkran LWX - ASTAM","isPartOf":{"@id":"https:\/\/www.astam.at\/en\/#website"},"primaryImageOfPage":{"@id":"https:\/\/www.astam.at\/en\/leistungen\/krananlagen\/abus\/krane\/schwenkkrane\/wandschwenkkran-lwx\/#primaryimage"},"image":{"@id":"https:\/\/www.astam.at\/en\/leistungen\/krananlagen\/abus\/krane\/schwenkkrane\/wandschwenkkran-lwx\/#primaryimage"},"thumbnailUrl":"https:\/\/www.astam.at\/wp-content\/uploads\/2022\/09\/B4-Illustration-LWX.png","datePublished":"2022-09-27T07:43:28+00:00","dateModified":"2022-09-28T08:08:34+00:00","description":"Der\u00a0Wandschwenkkran LW ist f\u00fcr die Montage an eine Wand oder eine St\u00fctze konzipiert.","breadcrumb":{"@id":"https:\/\/www.astam.at\/en\/leistungen\/krananlagen\/abus\/krane\/schwenkkrane\/wandschwenkkran-lwx\/#breadcrumb"},"inLanguage":"en-US","potentialAction":[{"@type":"ReadAction","target":["https:\/\/www.astam.at\/en\/leistungen\/krananlagen\/abus\/krane\/schwenkkrane\/wandschwenkkran-lwx\/"]}]},{"@type":"ImageObject","inLanguage":"en-US","@id":"https:\/\/www.astam.at\/en\/leistungen\/krananlagen\/abus\/krane\/schwenkkrane\/wandschwenkkran-lwx\/#primaryimage","url":"https:\/\/www.astam.at\/wp-content\/uploads\/2022\/09\/B4-Illustration-LWX.png","contentUrl":"https:\/\/www.astam.at\/wp-content\/uploads\/2022\/09\/B4-Illustration-LWX.png","width":500,"height":400},{"@type":"BreadcrumbList","@id":"https:\/\/www.astam.at\/en\/leistungen\/krananlagen\/abus\/krane\/schwenkkrane\/wandschwenkkran-lwx\/#breadcrumb","itemListElement":[{"@type":"ListItem","position":1,"name":"Startseite","item":"https:\/\/www.astam.at\/en\/"},{"@type":"ListItem","position":2,"name":"ABUS","item":"https:\/\/www.astam.at\/leistungen\/krananlagen\/abus\/"},{"@type":"ListItem","position":3,"name":"Wandschwenkkran LWX"}]},{"@type":"WebSite","@id":"https:\/\/www.astam.at\/en\/#website","url":"https:\/\/www.astam.at\/en\/","name":"ASTAM","description":"Maschinen- Stahl und Anlagenbau, Krananlagen","publisher":{"@id":"https:\/\/www.astam.at\/en\/#organization"},"potentialAction":[{"@type":"SearchAction","target":{"@type":"EntryPoint","urlTemplate":"https:\/\/www.astam.at\/en\/?s={search_term_string}"},"query-input":{"@type":"PropertyValueSpecification","valueRequired":true,"valueName":"search_term_string"}}],"inLanguage":"en-US"},{"@type":"Organization","@id":"https:\/\/www.astam.at\/en\/#organization","name":"ASTAM Allgemeine Stahl-, Anlagen- und Maschinenbau Ges.m.b.H.","url":"https:\/\/www.astam.at\/en\/","logo":{"@type":"ImageObject","inLanguage":"en-US","@id":"https:\/\/www.astam.at\/en\/#\/schema\/logo\/image\/","url":"https:\/\/www.astam.at\/wp-content\/uploads\/2020\/07\/astam_logo_freigestellt.png","contentUrl":"https:\/\/www.astam.at\/wp-content\/uploads\/2020\/07\/astam_logo_freigestellt.png","width":2318,"height":329,"caption":"ASTAM Allgemeine Stahl-, Anlagen- und Maschinenbau Ges.m.b.H."},"image":{"@id":"https:\/\/www.astam.at\/en\/#\/schema\/logo\/image\/"},"sameAs":["https:\/\/www.facebook.com\/pg\/ASTAM-Gmbh-572405462791301\/posts\/"]}]}},"_links":{"self":[{"href":"https:\/\/www.astam.at\/en\/wp-json\/wp\/v2\/product\/3166","targetHints":{"allow":["GET"]}}],"collection":[{"href":"https:\/\/www.astam.at\/en\/wp-json\/wp\/v2\/product"}],"about":[{"href":"https:\/\/www.astam.at\/en\/wp-json\/wp\/v2\/types\/product"}],"wp:featuredmedia":[{"embeddable":true,"href":"https:\/\/www.astam.at\/en\/wp-json\/wp\/v2\/media\/3167"}],"wp:attachment":[{"href":"https:\/\/www.astam.at\/en\/wp-json\/wp\/v2\/media?parent=3166"}],"wp:term":[{"taxonomy":"product_brand","embeddable":true,"href":"https:\/\/www.astam.at\/en\/wp-json\/wp\/v2\/product_brand?post=3166"},{"taxonomy":"product_cat","embeddable":true,"href":"https:\/\/www.astam.at\/en\/wp-json\/wp\/v2\/product_cat?post=3166"},{"taxonomy":"product_tag","embeddable":true,"href":"https:\/\/www.astam.at\/en\/wp-json\/wp\/v2\/product_tag?post=3166"}],"curies":[{"name":"wp","href":"https:\/\/api.w.org\/{rel}","templated":true}]}}